{"id":11,"date":"2014-06-25T07:12:44","date_gmt":"2014-06-25T07:12:44","guid":{"rendered":"http:\/\/ww2.elsnordic.com\/lakeroldinner\/?page_id=11"},"modified":"2015-05-07T07:34:37","modified_gmt":"2015-05-07T07:34:37","slug":"villkor","status":"publish","type":"page","link":"http:\/\/ww2.elsnordic.com\/lakeroldinner\/?page_id=11","title":{"rendered":"Villkor"},"content":{"rendered":"<h1 style=\"font-weight: 100; color: #d80000; text-align: center;\"><strong>Kampanjen \u00e4r avslutad, vid fr\u00e5gor kontakta kundtj\u00e4nst.<\/strong><\/h1>\n<p style=\"text-align: center;\"><strong>\u00a0<\/strong><\/p>\n<h2 style=\"text-align: center;\">Villkor &amp; handhavande<div class=\"space_20 clearfix\"><\/div><\/h2>\n<div class=\"row\"> <div class=\"col-md-6\">\n<ul>\n<li>Erbjudandet g\u00e4ller f\u00f6r 2 st checkar som ger dig rabatten \u201d2 f\u00f6r\u201d1 p\u00e5 deltagande restauranger. Du kan erh\u00e5lla dessa checkar vid ink\u00f6p av minst 2 produkter fr\u00e5n L\u00e4kerol.<\/li>\n<\/ul>\n<ul>\n<li>Erbjudandet g\u00e4ller 1 g\u00e5ng per hush\u00e5ll. Senast datum f\u00f6r \u201dregistrering\u201d av uppgifter \u00e4r den <strong>9 januari 2015<\/strong>.<\/li>\n<\/ul>\n<ul>\n<li>L\u00e4s igenom erbjudande och villkor noggrant f\u00f6re anv\u00e4ndandet. De restauranger som deltar i denna kampanj finns listade <a href=\"http:\/\/ww2.elsnordic.com\/lakeroldinner\/?page_id=15\">h\u00e4r<\/a> liksom fullst\u00e4ndiga regler och villkor. Observera attde deltagande restaurangerna kan \u00e4ndras under kampanjens g\u00e5ng och uppdateras om det t ex tillkommer nyheter. Rabatten g\u00e4ller endast det erbjudande, de restauranger och adresser samt p\u00e5 de villkor som \u00e4r angivna p\u00e5 kampanjsidan.<\/li>\n<\/ul>\n<ul>\n<li>Giltighetstiden p\u00e5 v\u00e4rdecheckarna \u00e4r t o m <strong>30 april 2015<\/strong>. F\u00f6r att anv\u00e4nda erbjudandet, ska innehavaren vara \u00f6ver 18 \u00e5r.<\/li>\n<\/ul>\n<ul>\n<li>Erbjudandet g\u00e4ller 2 f\u00f6r 1 p\u00e5 valfri huvudr\u00e4tt hos medverkande restauranger. Minst tv\u00e5 personer skall \u00e4ta samtidigt f\u00f6r att rabatten skall erh\u00e5llas. V\u00e4rdechecken ska \u00f6verl\u00e4mnas till utvald restaurang i samband med best\u00e4llning, dock senast n\u00e4r ni ber om notan och innan denna sammanr\u00e4knats.<\/li>\n<\/ul>\n<ul>\n<li>N\u00e4r Ni best\u00e4ller tv\u00e5 eller fler huvudr\u00e4tter, kommer restaurangen att dra av priset p\u00e5 den billigast best\u00e4llda huvudr\u00e4tten. \u00d6vrig best\u00e4lld mat samt dryck betalar ni ord pris f\u00f6r.<\/li>\n<\/ul>\n<p>&nbsp;<\/p>\n<\/div><div class=\"col-md-6\">\n<ul>\n<li>Endast en v\u00e4rdecheck kan anv\u00e4ndas per tillf\u00e4lle och middagss\u00e4llskap. Den billigaste best\u00e4llda huvudr\u00e4tten dras av oberoende av vem i s\u00e4llskapet som best\u00e4llt den och vem som \u00e4r innehavare av v\u00e4rdechecken. De som sitter tillsammans betraktas alltid som ett s\u00e4llskap, oavsett antal notor.<\/li>\n<\/ul>\n<ul>\n<li>R\u00e4tter som uttryckligen \u00e4r angivna som barnr\u00e4tter p\u00e5 menyn betraktas inte som huvudr\u00e4tter. \u00c4ter barnet en r\u00e4tt fr\u00e5n den ordinarie menyn, avdrages barnets huvudr\u00e4tt, om den \u00e4r billigast.<\/li>\n<\/ul>\n<ul>\n<li>V\u00e4rdechecken g\u00e4ller p\u00e5 ordinarie priser och inte i samband med rabattformer s\u00e5som dagens lunch, aff\u00e4rslunch, \u201dkv\u00e4llens special\u201d, julbord, Happy Hour, redan rabatterade menyer, specialmenyer, etc. Ej heller i kombination med andra rabattkort\/kuponger, p\u00e5 presentkort, p\u00e5 avh\u00e4mtning eller under lunchtid. Vid ev tveksamheter ang vad som omfattas av erbjudandet, \u00e5ligger det alltid innehavaren av v\u00e4rdechecken att kontrollera detta innan anv\u00e4ndande. Om villkoren som anges h\u00e4r ej f\u00f6ljs, har restaurangen ej n\u00e5gon skyldighet att ge angiven rabatt.<\/li>\n<\/ul>\n<ul>\n<li>Fr\u00e5gor ang\u00e5ende respektive restaurang och bes\u00f6ket d\u00e4r st\u00e4lls till ber\u00f6rd restaurang. Alla \u00f6vriga fr\u00e5gor och synpunkter betr\u00e4ffande anv\u00e4ndandet av v\u00e4rdecheckarna och de deltagande akt\u00f6rerna st\u00e4lls till European Loyalty Systems AB, tel kundservice 031-742 55 66 eller e-post: info@elssverige.se.<\/li>\n<\/ul>\n<\/div><\/div>\n<p>&nbsp;<\/p>\n<p>Denna kampanj \u00e4r framtagen och hanteras av European Loyalty Systems AB p\u00e5 uppdrag av L\u00e4kerol.\u00a0Vid fr\u00e5gor kontakta ELS kundservice p\u00e5 tel: 031-742 55 66 eller p\u00e5 info@elssverige.se.<\/p>\n","protected":false},"excerpt":{"rendered":"<p>Kampanjen \u00e4r avslutad, vid fr\u00e5gor kontakta kundtj\u00e4nst. \u00a0 Villkor &amp; handhavande &nbsp; Denna kampanj \u00e4r framtagen och hanteras av European Loyalty Systems AB p\u00e5 uppdrag av L\u00e4kerol.\u00a0Vid fr\u00e5gor kontakta ELS kundservice p\u00e5 tel: 031-742 55 66 eller p\u00e5 info@elssverige.se.<\/p>\n","protected":false},"author":4,"featured_media":0,"parent":0,"menu_order":0,"comment_status":"open","ping_status":"open","template":"page-fullwidth.php","meta":[],"_links":{"self":[{"href":"http:\/\/ww2.elsnordic.com\/lakeroldinner\/index.php?rest_route=\/wp\/v2\/pages\/11"}],"collection":[{"href":"http:\/\/ww2.elsnordic.com\/lakeroldinner\/index.php?rest_route=\/wp\/v2\/pages"}],"about":[{"href":"http:\/\/ww2.elsnordic.com\/lakeroldinner\/index.php?rest_route=\/wp\/v2\/types\/page"}],"author":[{"embeddable":true,"href":"http:\/\/ww2.elsnordic.com\/lakeroldinner\/index.php?rest_route=\/wp\/v2\/users\/4"}],"replies":[{"embeddable":true,"href":"http:\/\/ww2.elsnordic.com\/lakeroldinner\/index.php?rest_route=%2Fwp%2Fv2%2Fcomments&post=11"}],"version-history":[{"count":7,"href":"http:\/\/ww2.elsnordic.com\/lakeroldinner\/index.php?rest_route=\/wp\/v2\/pages\/11\/revisions"}],"predecessor-version":[{"id":717,"href":"http:\/\/ww2.elsnordic.com\/lakeroldinner\/index.php?rest_route=\/wp\/v2\/pages\/11\/revisions\/717"}],"wp:attachment":[{"href":"http:\/\/ww2.elsnordic.com\/lakeroldinner\/index.php?rest_route=%2Fwp%2Fv2%2Fmedia&parent=11"}],"curies":[{"name":"wp","href":"https:\/\/api.w.org\/{rel}","templated":true}]}}